{"id":202985,"date":"2023-09-07T17:21:40","date_gmt":"2023-09-07T15:21:40","guid":{"rendered":"https:\/\/desdropi.com\/elparque\/?post_type=product&#038;p=202985"},"modified":"2024-05-17T13:01:28","modified_gmt":"2024-05-17T11:01:28","slug":"frigo-combi-samsung-rb38c603cww-ef-203x59x66-nf-bco","status":"publish","type":"product","link":"https:\/\/desdropi.com\/elparque\/frigo-combi-samsung-rb38c603cww-ef-203x59x66-nf-bco\/","title":{"rendered":"FRIGO COMBI SAMSUNG RB38C603CWW\/EF 203x59x66 NF BCO"},"content":{"rendered":"<div class=\"descripcion-tab\">\n<p><strong>Peso y dimensiones<\/strong><\/p>\n<ul>\n<li>Ancho: 595 mm<\/li>\n<li>Profundidad: 658 mm<\/li>\n<li>Altura: 2030 mm<\/li>\n<li>Peso: 76 kg<\/li>\n<li>Peso del paquete: 79 kg<\/li>\n<\/ul>\n<p><strong>Control de energ\u00eda<\/strong><\/p>\n<ul>\n<li>Consumo de energ\u00eda anual: 180 kW<\/li>\n<li>Eficiencia energ\u00e9tica: De la A a la G<\/li>\n<li>Consumo de energ\u00eda anual: 169 kWh<\/li>\n<li>Clase de eficiencia energ\u00e9tica: C<\/li>\n<\/ul>\n<p><strong>Congelador<\/strong><\/p>\n<ul>\n<li>Capacidad neta del congelador: 112 L<\/li>\n<li>\u00cdndice Star: 4*<\/li>\n<li>Antiescarcha (congelador): S\u00ed<\/li>\n<li>Capacidad bruta del congelador: 114 L<\/li>\n<li>Posici\u00f3n congelada: \u00daltimo lugar<\/li>\n<li>Antiescarcha (congelador): S\u00ed<\/li>\n<li>N\u00famero de compartimentos en el congelador: 3<\/li>\n<li>Funci\u00f3n de congelado r\u00e1pido: S\u00ed<\/li>\n<li>Cubiteras: S\u00ed<\/li>\n<li>Tiempo de almacenamiento en caso de fallo de alimentaci\u00f3n: 9 horas<\/li>\n<\/ul>\n<p><strong>Refrigerador<\/strong><\/p>\n<ul>\n<li>Capacidad neta del frigor\u00edfico: 273 L<\/li>\n<li>Sistema multi-flujo de aire (nevera): S\u00ed<\/li>\n<li>N\u00famero de compartimientos para verduras: 3<\/li>\n<li>Zona Conservaci\u00f3n 0\u00b0C: S\u00ed<\/li>\n<li>Capacidad bruta del frigor\u00edfico: 276 L<\/li>\n<li>Antiescarcha (nevera): S\u00ed<\/li>\n<li>N\u00famero de compartimentos en el frigor\u00edfico: 4<\/li>\n<li>Estantes de la puerta de la nevera: 4<\/li>\n<li>Huevera: S\u00ed<\/li>\n<li>Botellero: S\u00ed<\/li>\n<li>Funci\u00f3n Super Cool: S\u00ed<\/li>\n<li>Luz interior de la nevera: S\u00ed<\/li>\n<li>Tipo de l\u00e1mpara: LED<\/li>\n<\/ul>\n<p><strong>Otras caracter\u00edsticas<\/strong><\/p>\n<ul>\n<li>Control de humedad en el caj\u00f3n<\/li>\n<\/ul>\n<p><strong>Ergonom\u00eda<\/strong><\/p>\n<ul>\n<li>Alarma de puerta (abierta): S\u00ed<\/li>\n<\/ul>\n<p><strong>Dise\u00f1o<\/strong><\/p>\n<ul>\n<li>Motor inverter: S\u00ed<\/li>\n<li>Material de estantes: Vidrio templado<\/li>\n<li>Colocaci\u00f3n del electrodom\u00e9stico: Independiente<\/li>\n<li>Color del producto: Blanco<\/li>\n<li>Puertas reversibles: S\u00ed<\/li>\n<li>Bisagra para puerta: Derecho<\/li>\n<li>Pantalla incorporada: S\u00ed<\/li>\n<li>Medio de refrigeraci\u00f3n: R-600a<\/li>\n<li>Ubicaci\u00f3n del display: En la puerta<\/li>\n<\/ul>\n<p><strong>Zona fresca<\/strong><\/p>\n<ul>\n<li>Compartimiento de zona fresca: S\u00ed<\/li>\n<\/ul>\n<p><strong>Desempe\u00f1o<\/strong><\/p>\n<ul>\n<li>Capacidad bruta total: 390 L<\/li>\n<li>Clase de emisi\u00f3n de ruido: B<\/li>\n<li>Nivel de ruido: 35 dB<\/li>\n<li>Clase clim\u00e1tica: SN-T<\/li>\n<li>Wi-Fi controlado: S\u00ed<\/li>\n<\/ul>\n<\/div>\n","protected":false},"excerpt":{"rendered":"<p><a href=\"https:\/\/desdropi.com\/elparque\/wp-content\/uploads\/260884.pdf\" target=\"_blank\" rel=\"noopener\"><img decoding=\"async\" class=\"alignnone wp-image-205373 size-full\" src=\"https:\/\/desdropi.com\/elparque\/wp-content\/uploads\/eficiencia-C.png\" alt=\"\" width=\"56\" height=\"33\" \/><\/a><\/p>\n<p><a style=\"text-decoration: underline;\" href=\"https:\/\/desdropi.com\/elparque\/wp-content\/uploads\/260884.2.pdf\" target=\"_blank\" rel=\"noopener\">Ficha de informaci\u00f3n de producto<\/a><\/p>\n","protected":false},"featured_media":202988,"comment_status":"open","ping_status":"closed","template":"","meta":{"_joinchat":[]},"product_cat":[6441,6442,780],"product_tag":[],"class_list":{"0":"post-202985","1":"product","2":"type-product","3":"status-publish","4":"has-post-thumbnail","6":"product_cat-frigorificos","7":"product_cat-combis-frigorificos","8":"product_cat-gran-electrodomestico","10":"first","11":"instock","12":"sale","13":"taxable","14":"shipping-taxable","15":"purchasable","16":"product-type-simple"},"_links":{"self":[{"href":"https:\/\/desdropi.com\/elparque\/wp-json\/wp\/v2\/product\/202985"}],"collection":[{"href":"https:\/\/desdropi.com\/elparque\/wp-json\/wp\/v2\/product"}],"about":[{"href":"https:\/\/desdropi.com\/elparque\/wp-json\/wp\/v2\/types\/product"}],"replies":[{"embeddable":true,"href":"https:\/\/desdropi.com\/elparque\/wp-json\/wp\/v2\/comments?post=202985"}],"version-history":[{"count":0,"href":"https:\/\/desdropi.com\/elparque\/wp-json\/wp\/v2\/product\/202985\/revisions"}],"wp:featuredmedia":[{"embeddable":true,"href":"https:\/\/desdropi.com\/elparque\/wp-json\/wp\/v2\/media\/202988"}],"wp:attachment":[{"href":"https:\/\/desdropi.com\/elparque\/wp-json\/wp\/v2\/media?parent=202985"}],"wp:term":[{"taxonomy":"product_cat","embeddable":true,"href":"https:\/\/desdropi.com\/elparque\/wp-json\/wp\/v2\/product_cat?post=202985"},{"taxonomy":"product_tag","embeddable":true,"href":"https:\/\/desdropi.com\/elparque\/wp-json\/wp\/v2\/product_tag?post=202985"}],"curies":[{"name":"wp","href":"https:\/\/api.w.org\/{rel}","templated":true}]}}